{"id":817,"date":"2019-06-28T15:49:26","date_gmt":"2019-06-28T15:49:26","guid":{"rendered":"https:\/\/www.digitalagencybarcelona.com\/politica-de-privacitat"},"modified":"2022-05-23T10:24:02","modified_gmt":"2022-05-23T10:24:02","slug":"politica-de-privacitat","status":"publish","type":"page","link":"https:\/\/www.digitalagencybarcelona.com\/ca\/politica-de-privacitat\/","title":{"rendered":"Pol\u00edtica de Privacitat"},"content":{"rendered":"\n<style type=\"text\/css\" data-created_by=\"avia_inline_auto\" id=\"style-css-av-ngil-2827b7b246075bfd22a4e740eb88a962\">\n#top .av-special-heading.av-ngil-2827b7b246075bfd22a4e740eb88a962{\npadding-bottom:10px;\n}\nbody .av-special-heading.av-ngil-2827b7b246075bfd22a4e740eb88a962 .av-special-heading-tag .heading-char{\nfont-size:25px;\n}\n.av-special-heading.av-ngil-2827b7b246075bfd22a4e740eb88a962 .av-subheading{\nfont-size:15px;\n}\n<\/style>\n<div  class='av-special-heading av-ngil-2827b7b246075bfd22a4e740eb88a962 av-special-heading-h2  avia-builder-el-0  el_before_av_heading  avia-builder-el-first '><h2 class='av-special-heading-tag '  itemprop=\"headline\"  >Pol\u00edtica de Privacitat<\/h2><div class=\"special-heading-border\"><div class=\"special-heading-inner-border\"><\/div><\/div><\/div>\n\n<style type=\"text\/css\" data-created_by=\"avia_inline_auto\" id=\"style-css-av-jx20gabq-6da44fbb85904123af848a82b0674d06\">\n#top .av-special-heading.av-jx20gabq-6da44fbb85904123af848a82b0674d06{\nmargin:0 0 0 0;\npadding-bottom:10px;\nfont-size:11px;\n}\nbody .av-special-heading.av-jx20gabq-6da44fbb85904123af848a82b0674d06 .av-special-heading-tag .heading-char{\nfont-size:25px;\n}\n#top #wrap_all .av-special-heading.av-jx20gabq-6da44fbb85904123af848a82b0674d06 .av-special-heading-tag{\nfont-size:11px;\n}\n.av-special-heading.av-jx20gabq-6da44fbb85904123af848a82b0674d06 .av-subheading{\nfont-size:15px;\n}\n\n@media only screen and (min-width: 480px) and (max-width: 767px){ \n#top #wrap_all .av-special-heading.av-jx20gabq-6da44fbb85904123af848a82b0674d06 .av-special-heading-tag{\nfont-size:0.8em;\n}\n}\n\n@media only screen and (max-width: 479px){ \n#top #wrap_all .av-special-heading.av-jx20gabq-6da44fbb85904123af848a82b0674d06 .av-special-heading-tag{\nfont-size:0.8em;\n}\n}\n<\/style>\n<div  class='av-special-heading av-jx20gabq-6da44fbb85904123af848a82b0674d06 av-special-heading-h1 meta-heading blockquote classic-quote  avia-builder-el-1  el_after_av_heading  el_before_av_textblock  av-inherit-size'><h1 class='av-special-heading-tag '  itemprop=\"headline\"  >de l\u2019Ag\u00e8ncia Digital de Barcelona &#8211; desenvolupament de comer\u00e7 electr\u00f2nic, p\u00e0gines web, p\u00e0gines de destinaci\u00f3, aplicacions web, etc.<\/h1><div class=\"special-heading-border\"><div class=\"special-heading-inner-border\"><\/div><\/div><\/div>\n<section  class='av_textblock_section av-jx1zmjr8-002fefa68b6c08f268a5d7439bff3a19 '   itemscope=\"itemscope\" itemtype=\"https:\/\/schema.org\/CreativeWork\" ><div class='avia_textblock'  itemprop=\"text\" ><p>Afin de se conformer aux dispositions de la Loi 34\/2002, du 11 juillet, sur les services de la soci\u00e9t\u00e9 de l\u2019information et le commerce \u00e9lectronique, les informations g\u00e9n\u00e9rales de ce site sont les suivantes:<\/p>\n<\/div><\/section>\n\n<style type=\"text\/css\" data-created_by=\"avia_inline_auto\" id=\"style-css-av-kxv9-202dd659aa02b8478344d582dec6dc5b\">\n#top .av-special-heading.av-kxv9-202dd659aa02b8478344d582dec6dc5b{\npadding-bottom:10px;\n}\nbody .av-special-heading.av-kxv9-202dd659aa02b8478344d582dec6dc5b .av-special-heading-tag .heading-char{\nfont-size:25px;\n}\n.av-special-heading.av-kxv9-202dd659aa02b8478344d582dec6dc5b .av-subheading{\nfont-size:15px;\n}\n<\/style>\n<div  class='av-special-heading av-kxv9-202dd659aa02b8478344d582dec6dc5b av-special-heading-h3  avia-builder-el-3  el_after_av_textblock  el_before_av_textblock '><h3 class='av-special-heading-tag '  itemprop=\"headline\"  >OBJECTE<\/h3><div class=\"special-heading-border\"><div class=\"special-heading-inner-border\"><\/div><\/div><\/div>\n<section  class='av_textblock_section av-jx1zmjr8-002fefa68b6c08f268a5d7439bff3a19 '   itemscope=\"itemscope\" itemtype=\"https:\/\/schema.org\/CreativeWork\" ><div class='avia_textblock'  itemprop=\"text\" ><p>Les pr\u00e9sentes conditions g\u00e9n\u00e9rales (ci-apr\u00e8s, les \u00ab\u00a0Conditions G\u00e9n\u00e9rales\u00a0\u00bb) r\u00e9gissent l\u2019utilisation de tous les services de ce site Web que SW Web Digital Agency Barcelona CORP S.L.\u00a0met \u00e0 disposition des internautes. Par la simple utilisation du\u00a0site Web, les utilisateurs expriment l\u2019acceptation sans r\u00e9serve de ces conditions g\u00e9n\u00e9rales qui peuvent \u00eatre modifi\u00e9es par SW Web Digital Agency Barcelona CORP S.L.\u00a0\u00e0 tout moment. Les utilisateurs sont \u00e9galement soumis \u00e0 toutes les conditions particuli\u00e8res, notices ou r\u00e8glements d\u2019instructions dont ils ont connaissance, en relation avec des contenus ou des services sp\u00e9cifiques, qui tiennent compte des dispositions des pr\u00e9sentes conditions g\u00e9n\u00e9rales dans la mesure o\u00f9 ils ne s\u2019y opposent pas.<\/p>\n<\/div><\/section>\n\n<style type=\"text\/css\" data-created_by=\"avia_inline_auto\" id=\"style-css-av-i5h3-259c7fffc82e7a5507204f8fce9b207a\">\n#top .av-special-heading.av-i5h3-259c7fffc82e7a5507204f8fce9b207a{\npadding-bottom:10px;\n}\nbody .av-special-heading.av-i5h3-259c7fffc82e7a5507204f8fce9b207a .av-special-heading-tag .heading-char{\nfont-size:25px;\n}\n.av-special-heading.av-i5h3-259c7fffc82e7a5507204f8fce9b207a .av-subheading{\nfont-size:15px;\n}\n<\/style>\n<div  class='av-special-heading av-i5h3-259c7fffc82e7a5507204f8fce9b207a av-special-heading-h3  avia-builder-el-5  el_after_av_textblock  el_before_av_textblock '><h3 class='av-special-heading-tag '  itemprop=\"headline\"  >INFORMACI\u00d3 A L\u2019USUARI<\/h3><div class=\"special-heading-border\"><div class=\"special-heading-inner-border\"><\/div><\/div><\/div>\n<section  class='av_textblock_section av-jx1zmjr8-002fefa68b6c08f268a5d7439bff3a19 '   itemscope=\"itemscope\" itemtype=\"https:\/\/schema.org\/CreativeWork\" ><div class='avia_textblock'  itemprop=\"text\" ><p><em><i>SW Web Digital Agency Barcelona CORP S.L.<\/i><\/em><em><i>\u00a0<\/i><\/em>est responsable du traitement des donn\u00e9es personnelles de l\u2019Utilisateur et vous informe que ces donn\u00e9es seront trait\u00e9es conform\u00e9ment aux dispositions de la r\u00e9glementation en vigueur sur la protection des donn\u00e9es personnelles, R\u00e8glement (UE) 2016\/679 du 27 avril 2016 (GDPR) sur la protection des personnes \u00e0 l\u2019\u00e9gard du traitement des donn\u00e9es personnelles et de la libre circulation de ces donn\u00e9es, dont le d\u00e9tail vous est donn\u00e9 ci-dessous:<\/p>\n<table>\n<tbody>\n<tr>\n<td><\/td>\n<td>Informations DE BASE sur la Protection des Donn\u00e9es<\/td>\n<td style=\"min-width: 100px;\"><\/td>\n<\/tr>\n<tr>\n<td>Responsable<\/td>\n<td>SW Web Digital Agency Barcelona CORP S.L.<\/td>\n<td><a href=\"#responsable\">+ info<\/a><\/td>\n<\/tr>\n<tr>\n<td>But<\/td>\n<td>G\u00e9rer les projets\u00a0des clients.<\/td>\n<td><a href=\"#finalidad\">+ info<\/a><\/td>\n<\/tr>\n<tr>\n<td>L\u00e9gitimit\u00e9<\/td>\n<td>Consentement de l\u2019int\u00e9ress\u00e9 et enregistrement des clients.<\/td>\n<td><a href=\"#legitimacion\">+ info<\/a><\/td>\n<\/tr>\n<tr>\n<td>Destinataires<\/td>\n<td>Nous ne transf\u00e9rerons pas vos donn\u00e9es personnelles \u00e0 des tiers, sauf si nous sommes oblig\u00e9s de le faire \u00e0 cause d\u2019une loi ou que vous les avez d\u00e9j\u00e0 communiqu\u00e9es \u00e0 SW Web Digital Agency Barcelona CORP S.L..<\/td>\n<td><a href=\"#destinatarios\">+\u00a0 info<\/a><\/td>\n<\/tr>\n<tr>\n<td>Droits<\/td>\n<td>Acc\u00e9der, rectifier et supprimer des donn\u00e9es, ainsi que d\u2019autres droits, comme expliqu\u00e9 dans les informations suppl\u00e9mentaires.<\/td>\n<td><a href=\"#derechos\">+ info<\/a><\/td>\n<\/tr>\n<tr>\n<td>Informations suppl\u00e9mentaires<\/td>\n<td colspan=\"2\">Vous pouvez consulter les informations suppl\u00e9mentaires et d\u00e9taill\u00e9es sur la protection des donn\u00e9es en cliquant sur ce lien.<\/td>\n<\/tr>\n<\/tbody>\n<\/table>\n<\/div><\/section>\n\n<style type=\"text\/css\" data-created_by=\"avia_inline_auto\" id=\"style-css-av-g1kv-bb1814978d8c0b160ac7faa7c0744232\">\n#top .av-special-heading.av-g1kv-bb1814978d8c0b160ac7faa7c0744232{\npadding-bottom:10px;\n}\nbody .av-special-heading.av-g1kv-bb1814978d8c0b160ac7faa7c0744232 .av-special-heading-tag .heading-char{\nfont-size:25px;\n}\n.av-special-heading.av-g1kv-bb1814978d8c0b160ac7faa7c0744232 .av-subheading{\nfont-size:15px;\n}\n<\/style>\n<div  class='av-special-heading av-g1kv-bb1814978d8c0b160ac7faa7c0744232 av-special-heading-h3  avia-builder-el-7  el_after_av_textblock  el_before_av_textblock '><h3 class='av-special-heading-tag '  itemprop=\"headline\"  >Qui \u00e9s el responsable de processar les vostres dades?<\/h3><div class=\"special-heading-border\"><div class=\"special-heading-inner-border\"><\/div><\/div><\/div>\n<section  class='av_textblock_section av-jx1zmjr8-77d11a33b966df017d9d24ffe1349048 '   itemscope=\"itemscope\" itemtype=\"https:\/\/schema.org\/CreativeWork\" ><div class='avia_textblock'  itemprop=\"text\" ><p>Identit\u00e9:\u00a0SW Web Digital Agency Barcelona CORP S.L.<\/p>\n<p>CIF: B-66652819<\/p>\n<p>Adresse postale: 08860 Castelldefels Barcelona<\/p>\n<p>Email: lopd@digitalagencybarcelona.com<\/p>\n<p>Contact DPD: \u00a0lopd@digitalagencybarcelona.com<\/p>\n<\/div><\/section>\n\n<style type=\"text\/css\" data-created_by=\"avia_inline_auto\" id=\"style-css-av-1f6b-395bf8c486443be332b03442e30daa15\">\n#top .av-special-heading.av-1f6b-395bf8c486443be332b03442e30daa15{\npadding-bottom:10px;\n}\nbody .av-special-heading.av-1f6b-395bf8c486443be332b03442e30daa15 .av-special-heading-tag .heading-char{\nfont-size:25px;\n}\n.av-special-heading.av-1f6b-395bf8c486443be332b03442e30daa15 .av-subheading{\nfont-size:15px;\n}\n<\/style>\n<div  class='av-special-heading av-1f6b-395bf8c486443be332b03442e30daa15 av-special-heading-h3  avia-builder-el-9  el_after_av_textblock  el_before_av_textblock '><h3 class='av-special-heading-tag '  itemprop=\"headline\"  >Quin \u00e9s el prop\u00f2sit de processar les vostres dades?<\/h3><div class=\"special-heading-border\"><div class=\"special-heading-inner-border\"><\/div><\/div><\/div>\n<section  class='av_textblock_section av-jx1zmjr8-002fefa68b6c08f268a5d7439bff3a19 '   itemscope=\"itemscope\" itemtype=\"https:\/\/schema.org\/CreativeWork\" ><div class='avia_textblock'  itemprop=\"text\" ><blockquote>\n<p>Clients Web:<\/p>\n<\/blockquote>\n<p>Lorsque vous effectuez une r\u00e9servation par l\u2019interm\u00e9diaire de notre site Web, les donn\u00e9es que vous fournissez seront utilis\u00e9es pour traiter, envoyer et facturer les services demand\u00e9s. Afin d\u2019effectuer une r\u00e9servation en ligne, chaque client fournit volontairement et sous sa propre responsabilit\u00e9 ses donn\u00e9es personnelles (nom, pr\u00e9nom, adresse, t\u00e9l\u00e9phone, donn\u00e9es de facturation et mode de paiement) qui doivent \u00eatre exactes et v\u00e9ridiques.<\/p>\n<blockquote>\n<p>Newsletter \/ Communications commerciales:<\/p>\n<\/blockquote>\n<p>Dans les cas o\u00f9 vous nous donnez votre consentement conform\u00e9ment aux dispositions de l\u2019article 21 de la loi sur les services de la soci\u00e9t\u00e9 de l\u2019information, nous utiliserons vos donn\u00e9es d\u2019identification et vos coordonn\u00e9es pour vous envoyer des informations sur les nouveaut\u00e9s du site Web, des nouvelles int\u00e9ressantes sur le secteur, ainsi que des promotions et des offres de nos produits et services.<\/p>\n<p>La validit\u00e9 des promotions que nous vous envoyons peut \u00eatre soumise \u00e0 la disponibilit\u00e9 des produits et \u00e0 des sp\u00e9cifications plus cibl\u00e9es. Si vous avez des questions, nous vous informerons des conditions des promotions par l\u2019entremise de notre service-client\u00e8le.<\/p>\n<blockquote>\n<p>Formulaire de contact:<\/p>\n<\/blockquote>\n<p>Les donn\u00e9es personnelles que vous nous communiquez via le formulaire de contact ne seront trait\u00e9es que pour r\u00e9pondre \u00e0 votre demande. Les informations recueillies se limitent aux donn\u00e9es d\u2019identification et de contact, ainsi qu\u2019aux donn\u00e9es relatives \u00e0 la nature de la demande que vous nous envoyez.<\/p>\n<p>En ce qui concerne les informations de navigation automatique que nous recueillons, nous vous recommandons de lire notre politique en mati\u00e8re de cookies.<\/p>\n<blockquote>\n<p>R\u00e9seaux Sociaux:<\/p>\n<\/blockquote>\n<p>Gr\u00e2ce \u00e0 notre site Web, vous pouvez acc\u00e9der aux r\u00e9seaux sociaux Facebook, Twitter, Instagram, dont l\u2019acc\u00e8s est libre pour tous les utilisateurs. Ce sont des sites Web o\u00f9 l\u2019utilisateur peut s\u2019inscrire et nous suivre gratuitement. Dans ces r\u00e9seaux sociaux, les utilisateurs pourront conna\u00eetre nos activit\u00e9s, nos opinions et avoir acc\u00e8s aux photos et aux vid\u00e9os. Les utilisateurs de ces r\u00e9seaux sociaux doivent savoir que notre site Web est ind\u00e9pendant de ces r\u00e9seaux et qu\u2019il est ouvert, c\u2019est-\u00e0-dire qu\u2019il est visible par tous les utilisateurs, et que les politiques de confidentialit\u00e9 \u00e0 appliquer \u00e0 ces contenus sont celles \u00e9tablies par Facebook, Twitter, Instagram. \u00ab\u00a0SW Web Digital Agency Barcelona CORP S.L.\u00a0\u00bb ne poss\u00e8de pas de r\u00e9seau social.<\/p>\n<p>Chez SW Web Digital Agency Barcelona CORP S.L., nous traitons les informations fournies par les personnes int\u00e9ress\u00e9es afin de g\u00e9rer l\u2019envoi des informations demand\u00e9es et de fournir des offres de produits et \/ ou services d\u2019int\u00e9r\u00eat. Nous allons \u00e9galement d\u00e9velopper un \u00ab\u00a0profil commercial\u00a0\u00bb bas\u00e9 sur les informations fournies. Aucune d\u00e9cision automatis\u00e9e ne sera prise sur la base de ce profil.<\/p>\n<\/div><\/section>\n\n<style type=\"text\/css\" data-created_by=\"avia_inline_auto\" id=\"style-css-av-ccx1-e1dc42b63daaea2e0f211e4c7d746b9b\">\n#top .av-special-heading.av-ccx1-e1dc42b63daaea2e0f211e4c7d746b9b{\npadding-bottom:10px;\n}\nbody .av-special-heading.av-ccx1-e1dc42b63daaea2e0f211e4c7d746b9b .av-special-heading-tag .heading-char{\nfont-size:25px;\n}\n.av-special-heading.av-ccx1-e1dc42b63daaea2e0f211e4c7d746b9b .av-subheading{\nfont-size:15px;\n}\n<\/style>\n<div  class='av-special-heading av-ccx1-e1dc42b63daaea2e0f211e4c7d746b9b av-special-heading-h3  avia-builder-el-11  el_after_av_textblock  el_before_av_textblock '><h3 class='av-special-heading-tag '  itemprop=\"headline\"  >Quant de temps guardarem les vostres dades?<\/h3><div class=\"special-heading-border\"><div class=\"special-heading-inner-border\"><\/div><\/div><\/div>\n<section  class='av_textblock_section av-jx1zmjr8-002fefa68b6c08f268a5d7439bff3a19 '   itemscope=\"itemscope\" itemtype=\"https:\/\/schema.org\/CreativeWork\" ><div class='avia_textblock'  itemprop=\"text\" ><p>Crit\u00e8res de conservation des donn\u00e9es : elles seront conserv\u00e9es tant qu\u2019il existe un int\u00e9r\u00eat mutuel \u00e0 maintenir la relation commerciale\u00a0; lorsqu\u2019elles ne seront plus n\u00e9cessaires, elles seront \u00e9limin\u00e9es avec des mesures de s\u00e9curit\u00e9 ad\u00e9quates pour garantir la confidentialit\u00e9 des donn\u00e9es ou leur destruction totale.<\/p>\n<\/div><\/section>\n\n<style type=\"text\/css\" data-created_by=\"avia_inline_auto\" id=\"style-css-av-a2zv-b3443a90a9150a29d47e4220cd4ad3ab\">\n#top .av-special-heading.av-a2zv-b3443a90a9150a29d47e4220cd4ad3ab{\npadding-bottom:10px;\n}\nbody .av-special-heading.av-a2zv-b3443a90a9150a29d47e4220cd4ad3ab .av-special-heading-tag .heading-char{\nfont-size:25px;\n}\n.av-special-heading.av-a2zv-b3443a90a9150a29d47e4220cd4ad3ab .av-subheading{\nfont-size:15px;\n}\n<\/style>\n<div  class='av-special-heading av-a2zv-b3443a90a9150a29d47e4220cd4ad3ab av-special-heading-h3  avia-builder-el-13  el_after_av_textblock  el_before_av_textblock '><h3 class='av-special-heading-tag '  itemprop=\"headline\"  >Quina \u00e9s la legitimitat del tractament de les vostres dades?<\/h3><div class=\"special-heading-border\"><div class=\"special-heading-inner-border\"><\/div><\/div><\/div>\n<section  class='av_textblock_section av-jx1zmjr8-002fefa68b6c08f268a5d7439bff3a19 '   itemscope=\"itemscope\" itemtype=\"https:\/\/schema.org\/CreativeWork\" ><div class='avia_textblock'  itemprop=\"text\" ><blockquote>\n<p>Consentement de la personne concern\u00e9e:<\/p>\n<\/blockquote>\n<p>Nous demandons le consentement de l\u2019int\u00e9ress\u00e9, avec l\u2019objectif de faire les r\u00e9servations de nos h\u00f4tels et d\u2019offrir des r\u00e9ponses aux questions re\u00e7ues au moyen du formulaire de contact ou par courriel (selon les termes et conditions \u00e9nonc\u00e9s dans notre politique de confidentialit\u00e9).<\/p>\n<p>L\u2019offre prospective de produits et services est bas\u00e9e sur le consentement demand\u00e9, sans que dans tous les cas le retrait de ce consentement conditionne l\u2019ex\u00e9cution du contrat de services.<\/p>\n<blockquote>\n<p>Int\u00e9r\u00eat l\u00e9gitime:<\/p>\n<\/blockquote>\n<p>Dans l\u2019int\u00e9r\u00eat l\u00e9gitime de SW Web Digital Agency Barcelona CORP S.L., afin de mieux r\u00e9pondre aux attentes et d\u2019am\u00e9liorer la qualit\u00e9 des services offerts par la plate-forme, ainsi que d\u2019effectuer des statistiques, des enqu\u00eates ou des \u00e9tudes de march\u00e9 susceptibles de pr\u00e9senter un int\u00e9r\u00eat.<\/p>\n<\/div><\/section>\n\n<style type=\"text\/css\" data-created_by=\"avia_inline_auto\" id=\"style-css-av-88ur-1b57848cf7cac6dbae2f24403aca085b\">\n#top .av-special-heading.av-88ur-1b57848cf7cac6dbae2f24403aca085b{\npadding-bottom:10px;\n}\nbody .av-special-heading.av-88ur-1b57848cf7cac6dbae2f24403aca085b .av-special-heading-tag .heading-char{\nfont-size:25px;\n}\n.av-special-heading.av-88ur-1b57848cf7cac6dbae2f24403aca085b .av-subheading{\nfont-size:15px;\n}\n<\/style>\n<div  class='av-special-heading av-88ur-1b57848cf7cac6dbae2f24403aca085b av-special-heading-h3  avia-builder-el-15  el_after_av_textblock  el_before_av_textblock '><h3 class='av-special-heading-tag '  itemprop=\"headline\"  >A quins destinataris es comunicaran les vostres dades?<\/h3><div class=\"special-heading-border\"><div class=\"special-heading-inner-border\"><\/div><\/div><\/div>\n<section  class='av_textblock_section av-jx1zcbmg-707b0549ebae519a225b7aef6e0e163c '   itemscope=\"itemscope\" itemtype=\"https:\/\/schema.org\/CreativeWork\" ><div class='avia_textblock'  itemprop=\"text\" ><p>SW Web Digital Agency Barcelona CORP S.L. se chargera d\u2019envoyer, par un canal de communication s\u00e9curis\u00e9, les demandes et offrira un service adapt\u00e9 pour g\u00e9rer la relation que nous entretenons avec vous en tant que client. \u00c0 cet effet, SW Web Digital Agency Barcelona CORP S.L.\u00a0facilite la relation avec les entreprises qui traitent vos donn\u00e9es en notre nom dans le cadre de la fourniture des services que nous offrons.<\/p>\n<p>Nous pouvons aussi donner vos donn\u00e9es personnelles dans le cas d\u2019une obligation l\u00e9gale.<\/p>\n<\/div><\/section>\n\n<style type=\"text\/css\" data-created_by=\"avia_inline_auto\" id=\"style-css-av-k3z-34ed050e2174a6732e161cd6973daa42\">\n#top .av-special-heading.av-k3z-34ed050e2174a6732e161cd6973daa42{\npadding-bottom:10px;\n}\nbody .av-special-heading.av-k3z-34ed050e2174a6732e161cd6973daa42 .av-special-heading-tag .heading-char{\nfont-size:25px;\n}\n.av-special-heading.av-k3z-34ed050e2174a6732e161cd6973daa42 .av-subheading{\nfont-size:15px;\n}\n<\/style>\n<div  class='av-special-heading av-k3z-34ed050e2174a6732e161cd6973daa42 av-special-heading-h3  avia-builder-el-17  el_after_av_textblock  el_before_av_textblock '><h3 class='av-special-heading-tag '  itemprop=\"headline\"  >A quins destinataris es comunicaran les vostres dades?<\/h3><div class=\"special-heading-border\"><div class=\"special-heading-inner-border\"><\/div><\/div><\/div>\n<section  class='av_textblock_section av-jx1zcbmg-1bd20452161bf55eea0594611c9ca5e6 '   itemscope=\"itemscope\" itemtype=\"https:\/\/schema.org\/CreativeWork\" ><div class='avia_textblock'  itemprop=\"text\" ><table>\n<tbody>\n<tr>\n<td>Droit<\/td>\n<td>Contenu<\/td>\n<td>Organisme d\u2019assistance<\/td>\n<\/tr>\n<tr>\n<td>Acc\u00e8s<\/td>\n<td>Toute personne a le droit d\u2019obtenir une confirmation sur le fait de savoir si, chez SW Web Digital Agency Barcelona CORP S.L., nous traitons des donn\u00e9es personnelles qui vous concernent ou non.<\/td>\n<td rowspan=\"6\">Vous pouvez exercer vos droits sur:<\/p>\n<p>lopd@digitalagencybarcelona.com<\/p>\n<p>ou<\/p>\n<p>D\u00e9partement de protection des donn\u00e9es<\/p>\n<p>Adresse postale :<\/p>\n<p>08860 Castelldelfels Barcelona<\/td>\n<\/tr>\n<tr>\n<td>Rectification<\/td>\n<td>Les personnes int\u00e9ress\u00e9es ont le droit de demander la correction de donn\u00e9es inexactes.<\/td>\n<\/tr>\n<tr>\n<td>Suppression<\/td>\n<td>Les personnes int\u00e9ress\u00e9es peuvent demander la suppression de leurs donn\u00e9es personnelles et qui ne sont plus n\u00e9cessaires aux fins pour lesquelles elles ont \u00e9t\u00e9 collect\u00e9es.<\/td>\n<\/tr>\n<tr>\n<td>Opposition<\/td>\n<td>Les personnes int\u00e9ress\u00e9es peuvent s\u2019opposer au traitement de leurs donn\u00e9es \u00e0 des fins de services qu\u2019elles nous r\u00e9clament. SW Web Digital Agency Barcelona CORP S.L. cessera de traiter les donn\u00e9es, sauf pour des raisons l\u00e9gitimes imp\u00e9rieuses ou pour exercer ou d\u00e9fendre des r\u00e9clamations \u00e9ventuelles.<\/td>\n<\/tr>\n<tr>\n<td>Limitation du traitement<\/td>\n<td>Dans certaines circonstances pr\u00e9vues \u00e0 l\u2019article 18 de la RGPD, les parties int\u00e9ress\u00e9es peuvent demander la limitation du traitement de leurs donn\u00e9es dans les cas suivants.<\/p>\n<p>\u00b7 Alors que la contestation de l\u2019exactitude de vos donn\u00e9es est confirm\u00e9e.<\/p>\n<p>\u00b7 Quand le traitement est ill\u00e9gal. Mais il s\u2019oppose \u00e0 l\u2019exercice du droit de supprimer ses donn\u00e9es.<\/p>\n<p>\u00b7 Quand chez SW Web Digital Agency Barcelona CORP S.L. il n\u2019est pas utile de traiter vos donn\u00e9es, mais vous en avez besoin pour exercer ou d\u00e9fendre des r\u00e9clamations.<\/p>\n<p>Lorsque vous vous opposez au traitement des donn\u00e9es pour l\u2019accomplissement d\u2019une mission d\u2019int\u00e9r\u00eat public ou pour la satisfaction d\u2019un int\u00e9r\u00eat l\u00e9gitime. Il est alors v\u00e9rifi\u00e9 si les raisons l\u00e9gitimes du traitement pr\u00e9valent sur les v\u00f4tres.<\/td>\n<\/tr>\n<tr>\n<td>Portabilit\u00e9<\/td>\n<td>En vertu du droit \u00e0 la portabilit\u00e9, les parties int\u00e9ress\u00e9es ont le droit d\u2019obtenir leurs donn\u00e9es personnelles dans un format \u00e9lectronique structur\u00e9 d\u2019usage courant et de lecture m\u00e9canique et de les transmettre \u00e0 un autre responsable.<\/td>\n<\/tr>\n<\/tbody>\n<\/table>\n<\/div><\/section>\n\n<style type=\"text\/css\" data-created_by=\"avia_inline_auto\" id=\"style-css-av-jx20u8yx-60dd95956e538fae508c7193d50c83da\">\n#top .av-special-heading.av-jx20u8yx-60dd95956e538fae508c7193d50c83da{\npadding-bottom:10px;\n}\nbody .av-special-heading.av-jx20u8yx-60dd95956e538fae508c7193d50c83da .av-special-heading-tag .heading-char{\nfont-size:25px;\n}\n.av-special-heading.av-jx20u8yx-60dd95956e538fae508c7193d50c83da .av-subheading{\nfont-size:15px;\n}\n<\/style>\n<div  class='av-special-heading av-jx20u8yx-60dd95956e538fae508c7193d50c83da av-special-heading-h3  avia-builder-el-19  el_after_av_textblock  el_before_av_textblock '><h3 class='av-special-heading-tag '  itemprop=\"headline\"  >Quins s\u00f3n els vostres drets quan ens proporcioneu les vostres dades?<\/h3><div class=\"special-heading-border\"><div class=\"special-heading-inner-border\"><\/div><\/div><\/div>\n<section  class='av_textblock_section av-jx1zlaz8-a7a9cfa2b4567d73391217fd6a77a875 '   itemscope=\"itemscope\" itemtype=\"https:\/\/schema.org\/CreativeWork\" ><div class='avia_textblock'  itemprop=\"text\" ><p>Si vous consid\u00e9rez que SW Web Digital Agency Barcelona CORP S.L.\u00a0n\u2019a pas trait\u00e9 vos donn\u00e9es conform\u00e9ment \u00e0 la r\u00e9glementation, vous pouvez contacter notre d\u00e9l\u00e9gu\u00e9 \u00e0 la protection des donn\u00e9es \u00e0 l\u2019adresse-courriel suivante :<\/p>\n<p>lodp@digitalagencybarcelona.com<\/p>\n<p>Pour exercer vos droits, vous devrez accompagner votre demande de votre pi\u00e8ce d\u2019identit\u00e9 ou d\u2019un document \u00e9quivalent qui prouve votre identit\u00e9.<\/p>\n<p><em><i>L\u2019exercice de ces droits est gratuit.<\/i><\/em><\/p>\n<\/div><\/section>\n\n<style type=\"text\/css\" data-created_by=\"avia_inline_auto\" id=\"style-css-av-41z3-c7e10617935dc075e8f5a08763ff47c6\">\n#top .av-special-heading.av-41z3-c7e10617935dc075e8f5a08763ff47c6{\npadding-bottom:10px;\n}\nbody .av-special-heading.av-41z3-c7e10617935dc075e8f5a08763ff47c6 .av-special-heading-tag .heading-char{\nfont-size:25px;\n}\n.av-special-heading.av-41z3-c7e10617935dc075e8f5a08763ff47c6 .av-subheading{\nfont-size:15px;\n}\n<\/style>\n<div  class='av-special-heading av-41z3-c7e10617935dc075e8f5a08763ff47c6 av-special-heading-h3  avia-builder-el-21  el_after_av_textblock  el_before_av_textblock '><h3 class='av-special-heading-tag '  itemprop=\"headline\"  >Quines vies de reclamaci\u00f3 hi ha?<\/h3><div class=\"special-heading-border\"><div class=\"special-heading-inner-border\"><\/div><\/div><\/div>\n<section  class='av_textblock_section av-jx1zktw5-9afe2d27ffcb19bd0fc07f3a63a653a6 '   itemscope=\"itemscope\" itemtype=\"https:\/\/schema.org\/CreativeWork\" ><div class='avia_textblock'  itemprop=\"text\" ><p>Les parties int\u00e9ress\u00e9es ont le droit de d\u00e9poser une plainte aupr\u00e8s de l\u2019autorit\u00e9 de contr\u00f4le comp\u00e9tente en mati\u00e8re de protection des donn\u00e9es, en particulier lorsqu\u2019elles n\u2019ont pas obtenu satisfaction dans l\u2019exercice de leurs droits. Pour cela, vous pouvez \u00e9crire \u00e0 l\u2019adresse suivante : <a href=\"http:\/\/www.agpd.es\">http:\/\/www.agpd.es<\/a>.<\/p>\n<\/div><\/section>\n","protected":false},"excerpt":{"rendered":"","protected":false},"author":1,"featured_media":0,"parent":0,"menu_order":0,"comment_status":"closed","ping_status":"open","template":"","meta":{"footnotes":""},"class_list":["post-817","page","type-page","status-publish","hentry"],"yoast_head":"<!-- This site is optimized with the Yoast SEO plugin v25.3.1 - https:\/\/yoast.com\/wordpress\/plugins\/seo\/ -->\n<title>Pol\u00edtica de Privacitat - Digital Agency Barcelona<\/title>\n<meta name=\"robots\" content=\"index, follow, max-snippet:-1, max-image-preview:large, max-video-preview:-1\" \/>\n<link rel=\"canonical\" href=\"https:\/\/www.digitalagencybarcelona.com\/ca\/politica-de-privacitat\/\" \/>\n<meta property=\"og:locale\" content=\"ca_ES\" \/>\n<meta property=\"og:type\" content=\"article\" \/>\n<meta property=\"og:title\" content=\"Pol\u00edtica de Privacitat - Digital Agency Barcelona\" \/>\n<meta property=\"og:url\" content=\"https:\/\/www.digitalagencybarcelona.com\/ca\/politica-de-privacitat\/\" \/>\n<meta property=\"og:site_name\" content=\"Digital Agency Barcelona\" \/>\n<meta property=\"article:modified_time\" content=\"2022-05-23T10:24:02+00:00\" \/>\n<meta name=\"twitter:card\" content=\"summary_large_image\" \/>\n<meta name=\"twitter:label1\" content=\"Temps estimat de lectura\" \/>\n\t<meta name=\"twitter:data1\" content=\"9 minuts\" \/>\n<script type=\"application\/ld+json\" class=\"yoast-schema-graph\">{\"@context\":\"https:\/\/schema.org\",\"@graph\":[{\"@type\":\"WebPage\",\"@id\":\"https:\/\/www.digitalagencybarcelona.com\/ca\/politica-de-privacitat\/\",\"url\":\"https:\/\/www.digitalagencybarcelona.com\/ca\/politica-de-privacitat\/\",\"name\":\"Pol\u00edtica de Privacitat - Digital Agency Barcelona\",\"isPartOf\":{\"@id\":\"https:\/\/www.digitalagencybarcelona.com\/ca\/#website\"},\"datePublished\":\"2019-06-28T15:49:26+00:00\",\"dateModified\":\"2022-05-23T10:24:02+00:00\",\"breadcrumb\":{\"@id\":\"https:\/\/www.digitalagencybarcelona.com\/ca\/politica-de-privacitat\/#breadcrumb\"},\"inLanguage\":\"ca\",\"potentialAction\":[{\"@type\":\"ReadAction\",\"target\":[\"https:\/\/www.digitalagencybarcelona.com\/ca\/politica-de-privacitat\/\"]}]},{\"@type\":\"BreadcrumbList\",\"@id\":\"https:\/\/www.digitalagencybarcelona.com\/ca\/politica-de-privacitat\/#breadcrumb\",\"itemListElement\":[{\"@type\":\"ListItem\",\"position\":1,\"name\":\"Portada\",\"item\":\"https:\/\/www.digitalagencybarcelona.com\/ca\/inici\/\"},{\"@type\":\"ListItem\",\"position\":2,\"name\":\"Pol\u00edtica de Privacitat\"}]},{\"@type\":\"WebSite\",\"@id\":\"https:\/\/www.digitalagencybarcelona.com\/ca\/#website\",\"url\":\"https:\/\/www.digitalagencybarcelona.com\/ca\/\",\"name\":\"Digital Agency Barcelona\",\"description\":\"Web design, marketing en ligne, application mobile, gestion de RRSS, mailing et autres services tels que l&#039;h\u00e9bergement ou la gestion de comptes mail...\",\"potentialAction\":[{\"@type\":\"SearchAction\",\"target\":{\"@type\":\"EntryPoint\",\"urlTemplate\":\"https:\/\/www.digitalagencybarcelona.com\/ca\/?s={search_term_string}\"},\"query-input\":{\"@type\":\"PropertyValueSpecification\",\"valueRequired\":true,\"valueName\":\"search_term_string\"}}],\"inLanguage\":\"ca\"}]}<\/script>\n<!-- \/ Yoast SEO plugin. -->","yoast_head_json":{"title":"Pol\u00edtica de Privacitat - Digital Agency Barcelona","robots":{"index":"index","follow":"follow","max-snippet":"max-snippet:-1","max-image-preview":"max-image-preview:large","max-video-preview":"max-video-preview:-1"},"canonical":"https:\/\/www.digitalagencybarcelona.com\/ca\/politica-de-privacitat\/","og_locale":"ca_ES","og_type":"article","og_title":"Pol\u00edtica de Privacitat - Digital Agency Barcelona","og_url":"https:\/\/www.digitalagencybarcelona.com\/ca\/politica-de-privacitat\/","og_site_name":"Digital Agency Barcelona","article_modified_time":"2022-05-23T10:24:02+00:00","twitter_card":"summary_large_image","twitter_misc":{"Temps estimat de lectura":"9 minuts"},"schema":{"@context":"https:\/\/schema.org","@graph":[{"@type":"WebPage","@id":"https:\/\/www.digitalagencybarcelona.com\/ca\/politica-de-privacitat\/","url":"https:\/\/www.digitalagencybarcelona.com\/ca\/politica-de-privacitat\/","name":"Pol\u00edtica de Privacitat - Digital Agency Barcelona","isPartOf":{"@id":"https:\/\/www.digitalagencybarcelona.com\/ca\/#website"},"datePublished":"2019-06-28T15:49:26+00:00","dateModified":"2022-05-23T10:24:02+00:00","breadcrumb":{"@id":"https:\/\/www.digitalagencybarcelona.com\/ca\/politica-de-privacitat\/#breadcrumb"},"inLanguage":"ca","potentialAction":[{"@type":"ReadAction","target":["https:\/\/www.digitalagencybarcelona.com\/ca\/politica-de-privacitat\/"]}]},{"@type":"BreadcrumbList","@id":"https:\/\/www.digitalagencybarcelona.com\/ca\/politica-de-privacitat\/#breadcrumb","itemListElement":[{"@type":"ListItem","position":1,"name":"Portada","item":"https:\/\/www.digitalagencybarcelona.com\/ca\/inici\/"},{"@type":"ListItem","position":2,"name":"Pol\u00edtica de Privacitat"}]},{"@type":"WebSite","@id":"https:\/\/www.digitalagencybarcelona.com\/ca\/#website","url":"https:\/\/www.digitalagencybarcelona.com\/ca\/","name":"Digital Agency Barcelona","description":"Web design, marketing en ligne, application mobile, gestion de RRSS, mailing et autres services tels que l&#039;h\u00e9bergement ou la gestion de comptes mail...","potentialAction":[{"@type":"SearchAction","target":{"@type":"EntryPoint","urlTemplate":"https:\/\/www.digitalagencybarcelona.com\/ca\/?s={search_term_string}"},"query-input":{"@type":"PropertyValueSpecification","valueRequired":true,"valueName":"search_term_string"}}],"inLanguage":"ca"}]}},"_links":{"self":[{"href":"https:\/\/www.digitalagencybarcelona.com\/ca\/wp-json\/wp\/v2\/pages\/817","targetHints":{"allow":["GET"]}}],"collection":[{"href":"https:\/\/www.digitalagencybarcelona.com\/ca\/wp-json\/wp\/v2\/pages"}],"about":[{"href":"https:\/\/www.digitalagencybarcelona.com\/ca\/wp-json\/wp\/v2\/types\/page"}],"author":[{"embeddable":true,"href":"https:\/\/www.digitalagencybarcelona.com\/ca\/wp-json\/wp\/v2\/users\/1"}],"replies":[{"embeddable":true,"href":"https:\/\/www.digitalagencybarcelona.com\/ca\/wp-json\/wp\/v2\/comments?post=817"}],"version-history":[{"count":6,"href":"https:\/\/www.digitalagencybarcelona.com\/ca\/wp-json\/wp\/v2\/pages\/817\/revisions"}],"predecessor-version":[{"id":1409,"href":"https:\/\/www.digitalagencybarcelona.com\/ca\/wp-json\/wp\/v2\/pages\/817\/revisions\/1409"}],"wp:attachment":[{"href":"https:\/\/www.digitalagencybarcelona.com\/ca\/wp-json\/wp\/v2\/media?parent=817"}],"curies":[{"name":"wp","href":"https:\/\/api.w.org\/{rel}","templated":true}]}}